{"id":1022,"date":"2025-09-26T17:24:07","date_gmt":"2025-09-26T15:24:07","guid":{"rendered":"https:\/\/r-eu-cycle.crosss3.eu\/?page_id=1022"},"modified":"2025-10-29T13:00:26","modified_gmt":"2025-10-29T12:00:26","slug":"partners-van-het-project","status":"publish","type":"page","link":"https:\/\/r-eu-cycle.crosss3.eu\/nl\/partners-van-het-project\/","title":{"rendered":"Partners van het project"},"content":{"rendered":"\n<div class=\"wp-block-group alignfull has-global-padding is-layout-constrained wp-block-group-is-layout-constrained\" style=\"margin-top:0;margin-bottom:0;--octopods-group-z-index:1;--octopods-group-position:relative\">\n<div class=\"wp-block-group has-primary-faded-background-color has-background is-layout-flow wp-block-group-is-layout-flow\" style=\"padding-right:1px;padding-left:1px;--octopods-group-z-index:0;--octopods-group-position:absolute;--octopods-group-top:0px;--octopods-group-bottom:0px;--octopods-group-left:50%\" data-aos=\"fade\" data-aos-duration=\"800\" data-aos-easing=\"ease-in-out\" data-aos-once=\"true\"><\/div>\n\n\n\n<div class=\"wp-block-group alignfull has-global-padding is-layout-constrained wp-block-group-is-layout-constrained\" style=\"--octopods-group-z-index:2;--octopods-group-position:relative\">\n<div style=\"height:6vw\" aria-hidden=\"true\" class=\"wp-block-spacer\"><\/div>\n\n\n\n<div data-aos-duration=\"800\" data-aos-easing=\"ease-out-cubic\" data-aos-once=\"true\" data-aos=\"scale-in-x\" class=\"wp-block-group is-vertical is-content-justification-center is-layout-flex wp-container-core-group-is-layout-ce155fab wp-block-group-is-layout-flex\">\n<div class=\"wp-block-group cross-heading-spotlight has-border-color has-base-background-color has-background is-layout-flow wp-block-group-is-layout-flow\" style=\"border-color:#E7EDF8;border-width:1px;border-radius:0.5rem;min-height:0px;margin-top:0;margin-bottom:0;padding-top:var(--wp--preset--spacing--small);padding-right:var(--wp--preset--spacing--small);padding-bottom:var(--wp--preset--spacing--small);padding-left:var(--wp--preset--spacing--small);box-shadow:var(--wp--preset--shadow--natural);aspect-ratio:unset;\"><h2 class=\"wp-block-heading has-text-align-center\" style=\"font-style:normal;font-weight:600\" id=\"projectleider\">Project<mark class=\"has-inline-color has-secondary-color\">leider<\/mark><\/h2><\/div>\n<\/div>\n\n\n\n<div style=\"height:45px\" aria-hidden=\"true\" class=\"wp-block-spacer\"><\/div>\n\n\n\n<div data-aos-duration=\"800\" data-aos-easing=\"ease-out-cubic\" data-aos-once=\"true\" data-aos=\"scale-in-x\" class=\"wp-block-query is-layout-flow wp-block-query-is-layout-flow\"><ul class=\"wp-block-post-template has-global-padding is-layout-constrained wp-container-core-post-template-is-layout-6ba87c40 wp-block-post-template-is-layout-constrained\"><li class=\"wp-block-post post-536 operator type-operator status-publish has-post-thumbnail hentry sector-circulaire-economie sector-duurzame-voeding operator_type-partners\">\n\n<div class=\"wp-block-group has-border-color has-base-background-color has-background is-horizontal is-content-justification-left is-nowrap is-layout-flex wp-container-core-group-is-layout-8a921abd wp-block-group-is-layout-flex\" style=\"border-color:#E7EDF8;border-width:4px;border-radius:0.75rem;box-shadow:none;--octopods-group-box-shadow:#00000014 0px 0px 25px 0px;aspect-ratio:unset;\">\n<div class=\"wp-block-columns wp-container-content-9cfa9a5a is-layout-flex wp-container-core-columns-is-layout-28232c24 wp-block-columns-is-layout-flex\">\n<div class=\"wp-block-column is-vertically-aligned-top is-layout-flow wp-block-column-is-layout-flow\">\n<div class=\"wp-block-group is-layout-flex wp-container-core-group-is-layout-59e5b3e4 wp-block-group-is-layout-flex\" style=\"padding-top:var(--wp--preset--spacing--medium);padding-right:var(--wp--preset--spacing--medium);padding-bottom:var(--wp--preset--spacing--medium);padding-left:var(--wp--preset--spacing--medium)\"><figure style=\"aspect-ratio:auto;\" class=\"aligncenter wp-block-post-featured-image wp-container-content-e0b89f81\"><img loading=\"lazy\" decoding=\"async\" width=\"1094\" height=\"221\" src=\"https:\/\/r-eu-cycle.crosss3.eu\/wp-content\/uploads\/sites\/4\/2025\/06\/logo-eura.webp\" class=\"attachment-full size-full wp-post-image\" alt=\"\" style=\"width:100%;height:100%;object-fit:cover;\" srcset=\"https:\/\/r-eu-cycle.crosss3.eu\/wp-content\/uploads\/sites\/4\/2025\/06\/logo-eura.webp 1094w, https:\/\/r-eu-cycle.crosss3.eu\/wp-content\/uploads\/sites\/4\/2025\/06\/logo-eura-300x61.webp 300w, https:\/\/r-eu-cycle.crosss3.eu\/wp-content\/uploads\/sites\/4\/2025\/06\/logo-eura-1024x207.webp 1024w, https:\/\/r-eu-cycle.crosss3.eu\/wp-content\/uploads\/sites\/4\/2025\/06\/logo-eura-768x155.webp 768w, https:\/\/r-eu-cycle.crosss3.eu\/wp-content\/uploads\/sites\/4\/2025\/06\/logo-eura-600x121.webp 600w\" sizes=\"auto, (max-width: 1094px) 100vw, 1094px\" \/><\/figure>\n\n\n<div class=\"wp-block-group wp-container-content-9cfa9a5a is-vertical is-content-justification-stretch is-layout-flex wp-container-core-group-is-layout-edcecead wp-block-group-is-layout-flex\" style=\"min-height:100%;padding-top:0;padding-right:0;padding-bottom:0;padding-left:0;aspect-ratio:unset;\">\n<p>Chef de file du projet,&nbsp;<strong>EuraMaterials<\/strong>&nbsp;est un p\u00f4le de comp\u00e9titivit\u00e9 sp\u00e9cialis\u00e9 dans les industries de transformation des mat\u00e9riaux. \u200b Il est responsable de la&nbsp;<strong>gestion globale du projet<\/strong>&nbsp;et de la &nbsp;<strong>mobilisation des acteurs industriels<\/strong> sur la r\u00e9gion Hauts-de-France. \u200b Ses t\u00e2ches incluent la coordination des activit\u00e9s, la planification des t\u00e2ches du consortium, l\u2019organisation des comit\u00e9s de pilotage, le suivi des indicateurs et du budget, ainsi que la coordination des groupes de travail regroupant les parties prenantes au recyclage des emballages alimentaires dans sa r\u00e9gion. \u200b EuraMaterials joue \u00e9galement un r\u00f4le central dans la communication interne et les \u00e9changes avec l\u2019\u00e9quipe technique Interreg.<\/p>\n<\/div>\n<\/div>\n<\/div>\n\n\n\n<div class=\"wp-block-column is-vertically-aligned-stretch is-layout-flow wp-block-column-is-layout-flow\" style=\"flex-basis:2px\">\n<div class=\"wp-block-group has-primary-faded-background-color has-background is-layout-flow wp-block-group-is-layout-flow block-visibility-hide-small-screen\" style=\"min-height:100%;padding-right:1px;padding-left:1px;aspect-ratio:unset;\"><\/div>\n<\/div>\n\n\n\n<div class=\"wp-block-column has-primary-faded-background-color has-background is-layout-flow wp-block-column-is-layout-flow\" style=\"padding-top:var(--wp--preset--spacing--small);padding-right:var(--wp--preset--spacing--small);padding-bottom:var(--wp--preset--spacing--small);padding-left:var(--wp--preset--spacing--small);flex-basis:35%\">\n<div class=\"wp-block-group is-nowrap is-layout-flex wp-container-core-group-is-layout-6c531013 wp-block-group-is-layout-flex\">\n<p class=\"has-base-color has-secondary-background-color has-text-color has-background has-link-color has-montserrat-font-family has-small-font-size wp-elements-6f7152a9477f02f2630cefb08dec934d\" style=\"border-radius:500px;padding-top:0.65rem;padding-right:0.75rem;padding-bottom:0.6rem;padding-left:0.75rem;font-style:normal;font-weight:600;line-height:1;text-transform:uppercase\">Chef de file<\/p>\n<\/div>\n\n\n\n<div class=\"wp-block-group is-vertical is-layout-flex wp-container-core-group-is-layout-a5c1e940 wp-block-group-is-layout-flex\" style=\"border-left-color:var(--wp--preset--color--primary);border-left-width:2px;margin-top:var(--wp--preset--spacing--small);margin-bottom:0;padding-top:var(--wp--preset--spacing--small);padding-bottom:var(--wp--preset--spacing--small);padding-left:var(--wp--preset--spacing--small)\">\n<p class=\"has-primary-color has-text-color has-link-color wp-elements-41ba701299f2dc4d41dcce6327dc1fc7\"><strong>Fr\u00e9d\u00e9ric Merle<\/strong><br><a href=\"mailto:frederic.merle@euramaterials.eu\" target=\"_blank\" rel=\"noreferrer noopener\">frederic.merle@euramaterials.eu<\/a><br><a href=\"tel:+33668875816\">+ 33(0)6 68 87 58 16<\/a><\/p>\n<\/div>\n\n\n\n<div class=\"wp-block-buttons is-layout-flex wp-container-core-buttons-is-layout-3aee6575 wp-block-buttons-is-layout-flex\" style=\"margin-top:0\">\n<div class=\"wp-block-button is-style-arrow\"><a href=\"https:\/\/euramaterials.eu\/\" class=\"wp-block-button__link has-small-font-size has-custom-font-size wp-element-button\" style=\"border-top-left-radius:0px\" target=\"_blank\" rel=\"noreferrer noopener\">Site du partenaire<\/a><\/div>\n<\/div>\n<\/div>\n<\/div>\n\n\n\n<div class=\"wp-block-group cursor-none is-layout-flow wp-block-group-is-layout-flow\" style=\"--octopods-group-z-index:2;--octopods-group-position:absolute;--octopods-group-top:-18px;--octopods-group-right:-18px\"><\/div>\n<\/div>\n\n<\/li><\/ul><\/div>\n\n\n\n<div style=\"height:6vw\" aria-hidden=\"true\" class=\"wp-block-spacer\"><\/div>\n\n\n\n<div data-aos-duration=\"800\" data-aos-easing=\"ease-out-cubic\" data-aos-once=\"true\" data-aos=\"scale-in-x\" class=\"wp-block-group is-vertical is-content-justification-center is-layout-flex wp-container-core-group-is-layout-ce155fab wp-block-group-is-layout-flex\">\n<div class=\"wp-block-group cross-heading-spotlight has-border-color has-base-background-color has-background is-layout-flow wp-block-group-is-layout-flow\" style=\"border-color:#E7EDF8;border-width:1px;border-radius:0.5rem;min-height:0px;margin-top:0;margin-bottom:0;padding-top:var(--wp--preset--spacing--small);padding-right:var(--wp--preset--spacing--small);padding-bottom:var(--wp--preset--spacing--small);padding-left:var(--wp--preset--spacing--small);box-shadow:var(--wp--preset--shadow--natural);aspect-ratio:unset;\"><h2 class=\"wp-block-heading has-text-align-center\" style=\"font-style:normal;font-weight:600\" id=\"projectuitvoerders\">Project<mark class=\"has-inline-color has-secondary-color\">uitvoerders<\/mark><\/h2><\/div>\n<\/div>\n\n\n\n<div data-aos-duration=\"800\" data-aos-easing=\"ease-out-cubic\" data-aos-once=\"true\" data-aos=\"scale-in-x\" class=\"wp-block-group is-layout-grid wp-container-core-group-is-layout-9f21def7 wp-block-group-is-layout-grid\" style=\"margin-top:3vw;--octopods-group-grid-columns-tablet:undefined;--octopods-group-grid-columns-mobile:undefined\">\n<div class=\"wp-block-group cross-card-feature has-border-color has-primary-faded-border-color has-primary-color has-base-background-color has-text-color has-background has-link-color wp-elements-3c7b6e6d0acc8831dd57239db5724ebd wp-container-content-e269605d is-vertical is-layout-flex wp-container-core-group-is-layout-56db1471 wp-block-group-is-layout-flex has-aspect-ratio\" style=\"border-width:1px;border-radius:0.75rem;margin-top:var(--wp--preset--spacing--large);padding-top:0;padding-right:var(--wp--preset--spacing--medium);padding-bottom:var(--wp--preset--spacing--medium);padding-left:var(--wp--preset--spacing--medium);box-shadow:var(--wp--preset--shadow--natural);--octopods-group-overlay-gradient:linear-gradient(120deg,rgba(45,179,163,0) 93%,rgba(45,179,163,0.29) 93%);aspect-ratio:auto;min-height:unset;\">\n<div class=\"wp-block-group is-layout-flow wp-container-core-group-is-layout-08439f6b wp-block-group-is-layout-flow\" style=\"margin-top:-80px;margin-bottom:var(--wp--preset--spacing--x-small)\">\n<figure class=\"wp-block-image size-full has-custom-border is-style-default\"><img loading=\"lazy\" decoding=\"async\" width=\"1920\" height=\"1291\" src=\"https:\/\/r-eu-cycle.crosss3.eu\/wp-content\/uploads\/sites\/4\/2025\/10\/logo-agria-b-1.png\" alt=\"\" class=\"wp-image-770\" style=\"border-style:none;border-width:0px;border-radius:500px;box-shadow:var(--wp--preset--shadow--outlined);aspect-ratio:1;object-fit:cover\" srcset=\"https:\/\/r-eu-cycle.crosss3.eu\/wp-content\/uploads\/sites\/4\/2025\/10\/logo-agria-b-1.png 1920w, https:\/\/r-eu-cycle.crosss3.eu\/wp-content\/uploads\/sites\/4\/2025\/10\/logo-agria-b-1-300x202.png 300w, https:\/\/r-eu-cycle.crosss3.eu\/wp-content\/uploads\/sites\/4\/2025\/10\/logo-agria-b-1-1024x689.png 1024w, https:\/\/r-eu-cycle.crosss3.eu\/wp-content\/uploads\/sites\/4\/2025\/10\/logo-agria-b-1-768x516.png 768w, https:\/\/r-eu-cycle.crosss3.eu\/wp-content\/uploads\/sites\/4\/2025\/10\/logo-agria-b-1-1536x1033.png 1536w, https:\/\/r-eu-cycle.crosss3.eu\/wp-content\/uploads\/sites\/4\/2025\/10\/logo-agria-b-1-600x403.png 600w, https:\/\/r-eu-cycle.crosss3.eu\/wp-content\/uploads\/sites\/4\/2025\/10\/logo-agria-b-1-1200x807.png 1200w, https:\/\/r-eu-cycle.crosss3.eu\/wp-content\/uploads\/sites\/4\/2025\/10\/logo-agria-b-1-1606x1080.png 1606w\" sizes=\"auto, (max-width: 1920px) 100vw, 1920px\" \/><\/figure>\n\n\n<h2 class=\"wp-block-heading has-large-font-size\" style=\"line-height:1.4\" id=\"agria-grand-est\">AGRIA GRAND EST<\/h2><\/div>\n\n\n\n<p>Agria Grand Est is een vereniging die in 1986 is opgericht door agrovoedingsbedrijven en onderzoeks- en hogeronderwijsinstellingen uit Lorraine. De vereniging is het aanspreekpunt voor agrovoedingsbedrijven en agrogrondstoffenbedrijven in hun regio.<\/p>\n\n\n\n<p>Agria Grand Est zal haar netwerk en haar vaardigheden als facilitator inzetten om belanghebbenden, en met name agrovoedings-bedrijven in de regio Grand Est, te mobiliseren en te betrekken.<\/p>\n\n\n\n<div class=\"wp-block-buttons is-layout-flex wp-block-buttons-is-layout-flex\">\n<div class=\"wp-block-button octopods-button-link is-style-arrow\"><a class=\"wp-block-button__link has-secondary-color has-text-color has-link-color wp-element-button\" href=\"https:\/\/www.iaa-lorraine.fr\/\" style=\"border-style:none;border-width:0px;border-radius:0px;padding-top:0;padding-right:0px;padding-bottom:0;padding-left:0px;font-style:normal;font-weight:500\">Meer over weten<\/a><\/div>\n<\/div>\n<\/div>\n\n\n\n<div class=\"wp-block-group cross-card-feature has-border-color has-primary-faded-border-color has-primary-color has-base-background-color has-text-color has-background has-link-color wp-elements-02301f8ac98a70bd42d81be905f7e6a6 wp-container-content-e269605d is-vertical is-layout-flex wp-container-core-group-is-layout-56db1471 wp-block-group-is-layout-flex has-aspect-ratio\" style=\"border-width:1px;border-radius:0.75rem;margin-top:var(--wp--preset--spacing--large);padding-top:0;padding-right:var(--wp--preset--spacing--medium);padding-bottom:var(--wp--preset--spacing--medium);padding-left:var(--wp--preset--spacing--medium);box-shadow:var(--wp--preset--shadow--natural);--octopods-group-overlay-gradient:linear-gradient(120deg,rgba(45,179,163,0) 93%,rgba(45,179,163,0.29) 93%);aspect-ratio:auto;min-height:unset;\">\n<div class=\"wp-block-group is-layout-flow wp-container-core-group-is-layout-08439f6b wp-block-group-is-layout-flow\" style=\"margin-top:-80px;margin-bottom:var(--wp--preset--spacing--x-small)\">\n<figure class=\"wp-block-image size-large has-custom-border is-style-default\"><img loading=\"lazy\" decoding=\"async\" width=\"1024\" height=\"871\" src=\"https:\/\/r-eu-cycle.crosss3.eu\/wp-content\/uploads\/sites\/4\/2025\/10\/LOGO-PAKC4FOOD-B-1024x871.png\" alt=\"\" class=\"wp-image-773\" style=\"border-style:none;border-width:0px;border-radius:500px;box-shadow:var(--wp--preset--shadow--outlined);aspect-ratio:1;object-fit:cover\" srcset=\"https:\/\/r-eu-cycle.crosss3.eu\/wp-content\/uploads\/sites\/4\/2025\/10\/LOGO-PAKC4FOOD-B-1024x871.png 1024w, https:\/\/r-eu-cycle.crosss3.eu\/wp-content\/uploads\/sites\/4\/2025\/10\/LOGO-PAKC4FOOD-B-300x255.png 300w, https:\/\/r-eu-cycle.crosss3.eu\/wp-content\/uploads\/sites\/4\/2025\/10\/LOGO-PAKC4FOOD-B-768x654.png 768w, https:\/\/r-eu-cycle.crosss3.eu\/wp-content\/uploads\/sites\/4\/2025\/10\/LOGO-PAKC4FOOD-B-1536x1307.png 1536w, https:\/\/r-eu-cycle.crosss3.eu\/wp-content\/uploads\/sites\/4\/2025\/10\/LOGO-PAKC4FOOD-B-529x450.png 529w, https:\/\/r-eu-cycle.crosss3.eu\/wp-content\/uploads\/sites\/4\/2025\/10\/LOGO-PAKC4FOOD-B-1058x900.png 1058w, https:\/\/r-eu-cycle.crosss3.eu\/wp-content\/uploads\/sites\/4\/2025\/10\/LOGO-PAKC4FOOD-B-1269x1080.png 1269w, https:\/\/r-eu-cycle.crosss3.eu\/wp-content\/uploads\/sites\/4\/2025\/10\/LOGO-PAKC4FOOD-B.png 1920w\" sizes=\"auto, (max-width: 1024px) 100vw, 1024px\" \/><\/figure>\n<\/div>\n\n\n<h2 class=\"wp-block-heading has-large-font-size\" style=\"line-height:1.4\" id=\"pack4food\">PACK4FOOD<\/h2>\n\n\n<p>Pack4Food is een consortium van bedrijven en onderzoeksinstellingen dat alle belanghebbenden op het gebied van voedselverpakkingen samenbrengt.<\/p>\n\n\n\n<p>Pack4Food zal het voortouw nemen bij de interregionale analyse van de waardeketen van de recycling van plastic voedselverpakkingen.<\/p>\n\n\n\n<p>In businesscases zal Pack4Food bedrijven begeleiden en ondersteunen, bijvoorbeeld bij de ontwikkeling van duurzame, recycleerbare plastic verpakkingen die geschikt zijn voor hun voedingsproduct.<\/p>\n\n\n\n<div class=\"wp-block-buttons is-layout-flex wp-block-buttons-is-layout-flex\">\n<div class=\"wp-block-button octopods-button-link is-style-arrow\"><a class=\"wp-block-button__link has-secondary-color has-text-color has-link-color wp-element-button\" href=\"https:\/\/pack4food.be\/\" style=\"border-style:none;border-width:0px;border-radius:0px;padding-top:0;padding-right:0px;padding-bottom:0;padding-left:0px;font-style:normal;font-weight:500\">Meer over weten<\/a><\/div>\n<\/div>\n<\/div>\n\n\n\n<div class=\"wp-block-group cross-card-feature has-border-color has-primary-faded-border-color has-primary-color has-base-background-color has-text-color has-background has-link-color wp-elements-d541d0ca3abe57d623bb9c0745ab7c46 wp-container-content-e269605d is-vertical is-layout-flex wp-container-core-group-is-layout-56db1471 wp-block-group-is-layout-flex has-aspect-ratio\" style=\"border-width:1px;border-radius:0.75rem;margin-top:var(--wp--preset--spacing--large);padding-top:0;padding-right:var(--wp--preset--spacing--medium);padding-bottom:var(--wp--preset--spacing--medium);padding-left:var(--wp--preset--spacing--medium);box-shadow:var(--wp--preset--shadow--natural);--octopods-group-overlay-gradient:linear-gradient(120deg,rgba(45,179,163,0) 93%,rgba(45,179,163,0.29) 93%);aspect-ratio:auto;min-height:unset;\">\n<div class=\"wp-block-group is-layout-flow wp-container-core-group-is-layout-08439f6b wp-block-group-is-layout-flow\" style=\"margin-top:-80px;margin-bottom:var(--wp--preset--spacing--x-small)\">\n<figure class=\"wp-block-image size-full is-resized has-custom-border is-style-default\"><img loading=\"lazy\" decoding=\"async\" width=\"1920\" height=\"1590\" src=\"https:\/\/r-eu-cycle.crosss3.eu\/wp-content\/uploads\/sites\/4\/2025\/10\/Logo-Ghent-B-4.png\" alt=\"\" class=\"wp-image-802\" style=\"border-style:none;border-width:0px;border-radius:500px;box-shadow:var(--wp--preset--shadow--outlined);aspect-ratio:1;object-fit:cover;width:150px\" srcset=\"https:\/\/r-eu-cycle.crosss3.eu\/wp-content\/uploads\/sites\/4\/2025\/10\/Logo-Ghent-B-4.png 1920w, https:\/\/r-eu-cycle.crosss3.eu\/wp-content\/uploads\/sites\/4\/2025\/10\/Logo-Ghent-B-4-300x248.png 300w, https:\/\/r-eu-cycle.crosss3.eu\/wp-content\/uploads\/sites\/4\/2025\/10\/Logo-Ghent-B-4-1024x848.png 1024w, https:\/\/r-eu-cycle.crosss3.eu\/wp-content\/uploads\/sites\/4\/2025\/10\/Logo-Ghent-B-4-768x636.png 768w, https:\/\/r-eu-cycle.crosss3.eu\/wp-content\/uploads\/sites\/4\/2025\/10\/Logo-Ghent-B-4-1536x1272.png 1536w, https:\/\/r-eu-cycle.crosss3.eu\/wp-content\/uploads\/sites\/4\/2025\/10\/Logo-Ghent-B-4-543x450.png 543w, https:\/\/r-eu-cycle.crosss3.eu\/wp-content\/uploads\/sites\/4\/2025\/10\/Logo-Ghent-B-4-1087x900.png 1087w, https:\/\/r-eu-cycle.crosss3.eu\/wp-content\/uploads\/sites\/4\/2025\/10\/Logo-Ghent-B-4-1304x1080.png 1304w\" sizes=\"auto, (max-width: 1920px) 100vw, 1920px\" \/><\/figure>\n<\/div>\n\n\n<h2 class=\"wp-block-heading has-large-font-size\" style=\"line-height:1.4\" id=\"universiteit-gentcapture-platform\">U<a href=\"https:\/\/secuweb.crosss3.eu\/technologies\/blockchain\/\">NIVERSITEIT  GENT<\/a>-CAPTURE PLATFORM<\/h2>\n\n\n<p>Laboratorium voor Circulaire Procestechnologie (LCPE), afdeling Groene Chemie en Technologie van de Faculteit Bio-ingenieurswetenschappen van de Universiteit Gent.<\/p>\n\n\n\n<p>In het kader van eerdere projecten heeft de Universiteit Gent een model ontwikkeld dat voorspelt waar verpakkingen terechtkomen, op basis van het productontwerp, de inzamelmethode (en de samenstelling van het afval) en de sorteerlijn.<\/p>\n\n\n\n<div class=\"wp-block-buttons is-layout-flex wp-block-buttons-is-layout-flex\">\n<div class=\"wp-block-button octopods-button-link is-style-arrow\"><a class=\"wp-block-button__link has-secondary-color has-text-color has-link-color wp-element-button\" href=\"https:\/\/capture-resources.be\/\" style=\"border-style:none;border-width:0px;border-radius:0px;padding-top:0;padding-right:0px;padding-bottom:0;padding-left:0px;font-style:normal;font-weight:500\">Meer over weten<\/a><\/div>\n<\/div>\n<\/div>\n\n\n\n<div class=\"wp-block-group cross-card-feature has-border-color has-primary-faded-border-color has-primary-color has-base-background-color has-text-color has-background has-link-color wp-elements-c0786a588844cbbf2ff6ec6bda7182fe wp-container-content-e269605d is-vertical is-layout-flex wp-container-core-group-is-layout-56db1471 wp-block-group-is-layout-flex has-aspect-ratio\" style=\"border-width:1px;border-radius:0.75rem;margin-top:var(--wp--preset--spacing--large);padding-top:0;padding-right:var(--wp--preset--spacing--medium);padding-bottom:var(--wp--preset--spacing--medium);padding-left:var(--wp--preset--spacing--medium);box-shadow:var(--wp--preset--shadow--natural);--octopods-group-overlay-gradient:linear-gradient(120deg,rgba(45,179,163,0) 93%,rgba(45,179,163,0.29) 93%);aspect-ratio:auto;min-height:unset;\">\n<div class=\"wp-block-group is-layout-flow wp-container-core-group-is-layout-08439f6b wp-block-group-is-layout-flow\" style=\"margin-top:-80px;margin-bottom:var(--wp--preset--spacing--x-small)\">\n<figure class=\"wp-block-image size-large is-resized has-custom-border is-style-default\"><img loading=\"lazy\" decoding=\"async\" width=\"1024\" height=\"848\" src=\"https:\/\/r-eu-cycle.crosss3.eu\/wp-content\/uploads\/sites\/4\/2025\/10\/Wagralim-B-1024x848.png\" alt=\"\" class=\"wp-image-806\" style=\"border-style:none;border-width:0px;border-radius:500px;box-shadow:var(--wp--preset--shadow--outlined);aspect-ratio:1;object-fit:cover;width:150px\" srcset=\"https:\/\/r-eu-cycle.crosss3.eu\/wp-content\/uploads\/sites\/4\/2025\/10\/Wagralim-B-1024x848.png 1024w, https:\/\/r-eu-cycle.crosss3.eu\/wp-content\/uploads\/sites\/4\/2025\/10\/Wagralim-B-300x248.png 300w, https:\/\/r-eu-cycle.crosss3.eu\/wp-content\/uploads\/sites\/4\/2025\/10\/Wagralim-B-768x636.png 768w, https:\/\/r-eu-cycle.crosss3.eu\/wp-content\/uploads\/sites\/4\/2025\/10\/Wagralim-B-1536x1272.png 1536w, https:\/\/r-eu-cycle.crosss3.eu\/wp-content\/uploads\/sites\/4\/2025\/10\/Wagralim-B-543x450.png 543w, https:\/\/r-eu-cycle.crosss3.eu\/wp-content\/uploads\/sites\/4\/2025\/10\/Wagralim-B-1087x900.png 1087w, https:\/\/r-eu-cycle.crosss3.eu\/wp-content\/uploads\/sites\/4\/2025\/10\/Wagralim-B-1304x1080.png 1304w, https:\/\/r-eu-cycle.crosss3.eu\/wp-content\/uploads\/sites\/4\/2025\/10\/Wagralim-B.png 1920w\" sizes=\"auto, (max-width: 1024px) 100vw, 1024px\" \/><\/figure>\n<\/div>\n\n\n<h2 class=\"wp-block-heading has-large-font-size\" style=\"line-height:1.4\" id=\"wagralim\">WAGRALIM<\/h2>\n\n\n<p>Wagralim is het Waalse innovatiecentrum voor het voedselsysteem. Het verenigt een netwerk van 300 leden, bedrijven, onderzoekers en experten om samen concrete en duurzame oplossingen te bedenken.<\/p>\n\n\n\n<p>Wagralim zal de communicatie rond het project met de verschillende operatoren naar het grote publiek of het gespecialiseerde publiek co\u00f6rdineren.<\/p>\n\n\n\n<p>Het zal zijn netwerk van industri\u00ebn, leden van het ecosysteem en\/of partners van de verschillende beroepsfederaties mobiliseren en de toepassing van de conclusies op zijn grondgebied vergemakkelijken.<\/p>\n\n\n\n<div class=\"wp-block-buttons is-layout-flex wp-block-buttons-is-layout-flex\">\n<div class=\"wp-block-button octopods-button-link is-style-arrow\"><a class=\"wp-block-button__link has-secondary-color has-text-color has-link-color wp-element-button\" href=\"https:\/\/www.wagralim.be\/\" style=\"border-style:none;border-width:0px;border-radius:0px;padding-top:0;padding-right:0px;padding-bottom:0;padding-left:0px;font-style:normal;font-weight:500\">Meer over weten<\/a><\/div>\n<\/div>\n<\/div>\n<\/div>\n\n\n\n<div style=\"height:45px\" aria-hidden=\"true\" class=\"wp-block-spacer\"><\/div>\n\n\n\n<div data-aos-duration=\"800\" data-aos-easing=\"ease-out-cubic\" data-aos-once=\"true\" data-aos=\"scale-in-x\" class=\"wp-block-query is-layout-flow wp-block-query-is-layout-flow\"><\/div>\n\n\n\n<div style=\"height:6vw\" aria-hidden=\"true\" class=\"wp-block-spacer\"><\/div>\n\n\n\n<div data-aos-duration=\"800\" data-aos-easing=\"ease-out-cubic\" data-aos-once=\"true\" data-aos=\"scale-in-x\" class=\"wp-block-group is-vertical is-content-justification-center is-layout-flex wp-container-core-group-is-layout-ce155fab wp-block-group-is-layout-flex\">\n<div class=\"wp-block-group cross-heading-spotlight has-border-color has-base-background-color has-background is-layout-flow wp-block-group-is-layout-flow\" style=\"border-color:#E7EDF8;border-width:1px;border-radius:0.5rem;min-height:0px;margin-top:0;margin-bottom:0;padding-top:var(--wp--preset--spacing--small);padding-right:var(--wp--preset--spacing--small);padding-bottom:var(--wp--preset--spacing--small);padding-left:var(--wp--preset--spacing--small);box-shadow:var(--wp--preset--shadow--natural);aspect-ratio:unset;\"><h2 class=\"wp-block-heading has-text-align-center\" style=\"font-style:normal;font-weight:600\" id=\"projectpartners\">Project<mark class=\"has-inline-color has-secondary-color\">partners<\/mark><\/h2><\/div>\n<\/div>\n\n\n\n<div>\n<div class=\"wp-block-group is-layout-grid wp-container-core-group-is-layout-acc8bb78 wp-block-group-is-layout-grid\" style=\"--octopods-group-grid-columns-tablet:undefined;--octopods-group-grid-columns-mobile:undefined\">\n<div data-aos-duration=\"800\" data-aos-easing=\"ease-out-cubic\" data-aos-once=\"true\" data-aos=\"scale-in-x\" class=\"wp-block-group cross-card-feature has-border-color has-primary-faded-border-color has-primary-color has-base-background-color has-text-color has-background has-link-color has-montserrat-font-family wp-elements-c2f78daccdf52ae60b1b78aefb63ebf1 wp-container-content-754bbc37 is-vertical is-content-justification-center is-layout-flex wp-container-core-group-is-layout-52bd730b wp-block-group-is-layout-flex has-aspect-ratio\" style=\"border-width:1px;border-radius:0.75rem;padding-top:var(--wp--preset--spacing--small);padding-right:var(--wp--preset--spacing--small);padding-bottom:var(--wp--preset--spacing--small);padding-left:var(--wp--preset--spacing--small);font-size:clamp(0.875rem, 0.875rem + ((1vw - 0.2rem) * 0.156), 1rem);box-shadow:var(--wp--preset--shadow--natural);--octopods-group-overlay-gradient:linear-gradient(120deg,rgba(45,179,163,0) 86%,rgba(22,64,148,0.31) 86%);aspect-ratio:1;min-height:unset;\">\n<figure class=\"wp-block-image size-medium is-resized\"><img loading=\"lazy\" decoding=\"async\" width=\"300\" height=\"218\" src=\"https:\/\/r-eu-cycle.crosss3.eu\/wp-content\/uploads\/sites\/4\/2025\/10\/logo-ania-1-300x218.webp\" alt=\"\" class=\"wp-image-818\" style=\"width:100px\" srcset=\"https:\/\/r-eu-cycle.crosss3.eu\/wp-content\/uploads\/sites\/4\/2025\/10\/logo-ania-1-300x218.webp 300w, https:\/\/r-eu-cycle.crosss3.eu\/wp-content\/uploads\/sites\/4\/2025\/10\/logo-ania-1.webp 474w\" sizes=\"auto, (max-width: 300px) 100vw, 300px\" \/><\/figure>\n\n\n\n<p class=\"has-text-align-center\">ANIA is de nationale vereniging van de voedingsindustrie op Frans grondgebied.<\/p>\n\n\n\n<p class=\"has-text-align-center\"><a href=\"https:\/\/www.ania.net\/\">Meer over weten<\/a><\/p>\n<\/div>\n\n\n\n<div data-aos-delay=\"200\" data-aos-duration=\"800\" data-aos-easing=\"ease-out-cubic\" data-aos-once=\"true\" data-aos=\"scale-in-x\" class=\"wp-block-group cross-card-feature has-border-color has-primary-faded-border-color has-primary-color has-base-background-color has-text-color has-background has-link-color has-montserrat-font-family wp-elements-22887aa5548e7c0b726f2b89e3999641 wp-container-content-754bbc37 is-vertical is-content-justification-center is-layout-flex wp-container-core-group-is-layout-52bd730b wp-block-group-is-layout-flex has-aspect-ratio\" style=\"border-width:1px;border-radius:0.75rem;padding-top:var(--wp--preset--spacing--small);padding-right:var(--wp--preset--spacing--small);padding-bottom:var(--wp--preset--spacing--small);padding-left:var(--wp--preset--spacing--small);font-size:clamp(0.875rem, 0.875rem + ((1vw - 0.2rem) * 0.156), 1rem);box-shadow:var(--wp--preset--shadow--natural);--octopods-group-overlay-gradient:linear-gradient(120deg,rgba(45,179,163,0) 86%,rgba(22,64,148,0.31) 86%);aspect-ratio:1;min-height:unset;\">\n<figure class=\"wp-block-image size-full\"><img loading=\"lazy\" decoding=\"async\" width=\"956\" height=\"247\" src=\"https:\/\/r-eu-cycle.crosss3.eu\/wp-content\/uploads\/sites\/4\/2025\/06\/Logo-AgroSpheres.png\" alt=\"\" class=\"wp-image-246\" srcset=\"https:\/\/r-eu-cycle.crosss3.eu\/wp-content\/uploads\/sites\/4\/2025\/06\/Logo-AgroSpheres.png 956w, https:\/\/r-eu-cycle.crosss3.eu\/wp-content\/uploads\/sites\/4\/2025\/06\/Logo-AgroSpheres-300x78.png 300w, https:\/\/r-eu-cycle.crosss3.eu\/wp-content\/uploads\/sites\/4\/2025\/06\/Logo-AgroSpheres-768x198.png 768w, https:\/\/r-eu-cycle.crosss3.eu\/wp-content\/uploads\/sites\/4\/2025\/06\/Logo-AgroSpheres-600x155.png 600w\" sizes=\"auto, (max-width: 956px) 100vw, 956px\" \/><\/figure>\n\n\n\n<p class=\"has-text-align-center\">Agro-Sph\u00e8res is de vereniging van agrovoedingsbedrijven in Hauts-de-France.<\/p>\n\n\n\n<p><a href=\"https:\/\/agrospheres.eu\/\">Meer over weten<\/a><\/p>\n<\/div>\n\n\n\n<div data-aos-delay=\"400\" data-aos-duration=\"800\" data-aos-easing=\"ease-out-cubic\" data-aos-once=\"true\" data-aos=\"scale-in-x\" class=\"wp-block-group cross-card-feature has-border-color has-primary-faded-border-color has-primary-color has-base-background-color has-text-color has-background has-link-color has-montserrat-font-family wp-elements-84356173824a05c75ce8cc8eb87bc785 wp-container-content-754bbc37 is-vertical is-content-justification-center is-layout-flex wp-container-core-group-is-layout-52bd730b wp-block-group-is-layout-flex has-aspect-ratio\" style=\"border-width:1px;border-radius:0.75rem;padding-top:var(--wp--preset--spacing--small);padding-right:var(--wp--preset--spacing--small);padding-bottom:var(--wp--preset--spacing--small);padding-left:var(--wp--preset--spacing--small);font-size:clamp(0.875rem, 0.875rem + ((1vw - 0.2rem) * 0.156), 1rem);box-shadow:var(--wp--preset--shadow--natural);--octopods-group-overlay-gradient:linear-gradient(120deg,rgba(45,179,163,0) 86%,rgba(22,64,148,0.31) 86%);aspect-ratio:1;min-height:unset;\">\n<figure class=\"wp-block-image size-medium is-resized\"><img loading=\"lazy\" decoding=\"async\" width=\"300\" height=\"83\" src=\"https:\/\/r-eu-cycle.crosss3.eu\/wp-content\/uploads\/sites\/4\/2025\/06\/Citeo-Logo-1024x283-1-300x83.webp\" alt=\"\" class=\"wp-image-242\" style=\"width:150px\" srcset=\"https:\/\/r-eu-cycle.crosss3.eu\/wp-content\/uploads\/sites\/4\/2025\/06\/Citeo-Logo-1024x283-1-300x83.webp 300w, https:\/\/r-eu-cycle.crosss3.eu\/wp-content\/uploads\/sites\/4\/2025\/06\/Citeo-Logo-1024x283-1-768x212.webp 768w, https:\/\/r-eu-cycle.crosss3.eu\/wp-content\/uploads\/sites\/4\/2025\/06\/Citeo-Logo-1024x283-1-600x166.webp 600w, https:\/\/r-eu-cycle.crosss3.eu\/wp-content\/uploads\/sites\/4\/2025\/06\/Citeo-Logo-1024x283-1.webp 1024w\" sizes=\"auto, (max-width: 300px) 100vw, 300px\" \/><\/figure>\n\n\n\n<p class=\"has-text-align-center\">Citeo is de Franse speler EPR, uitgebreide producenten-verantwoordelijkheid, voor papier en huishoudelijke verpakkingen.<\/p>\n\n\n\n<p><a href=\"https:\/\/www.citeo.com\/\">Meer over weten<\/a><\/p>\n<\/div>\n\n\n\n<div data-aos-delay=\"600\" data-aos-duration=\"800\" data-aos-easing=\"ease-out-cubic\" data-aos-once=\"true\" data-aos=\"scale-in-x\" class=\"wp-block-group cross-card-feature has-border-color has-primary-faded-border-color has-primary-color has-base-background-color has-text-color has-background has-link-color has-montserrat-font-family wp-elements-53bd4b224e7091e6ded533eef4f333d6 wp-container-content-754bbc37 is-vertical is-layout-flex wp-container-core-group-is-layout-1721a011 wp-block-group-is-layout-flex has-aspect-ratio\" style=\"border-width:1px;border-radius:0.75rem;padding-top:var(--wp--preset--spacing--small);padding-right:var(--wp--preset--spacing--small);padding-bottom:var(--wp--preset--spacing--small);padding-left:var(--wp--preset--spacing--small);font-size:clamp(0.875rem, 0.875rem + ((1vw - 0.2rem) * 0.156), 1rem);box-shadow:var(--wp--preset--shadow--natural);--octopods-group-overlay-gradient:linear-gradient(120deg,rgba(45,179,163,0) 86%,rgba(22,64,148,0.31) 86%);aspect-ratio:1;min-height:unset;\">\n<div class=\"wp-block-group is-nowrap is-layout-flex wp-container-core-group-is-layout-6c531013 wp-block-group-is-layout-flex\">\n<div class=\"wp-block-group has-global-padding is-layout-constrained wp-block-group-is-layout-constrained\">\n<figure class=\"wp-block-image aligncenter size-thumbnail is-resized\"><img loading=\"lazy\" decoding=\"async\" width=\"150\" height=\"150\" src=\"https:\/\/r-eu-cycle.crosss3.eu\/wp-content\/uploads\/sites\/4\/2025\/10\/LOGO-FEVIA-4-150x150.webp\" alt=\"\" class=\"wp-image-864\" style=\"aspect-ratio:4\/3;object-fit:cover;width:150px\" \/><\/figure>\n<\/div>\n<\/div>\n\n\n\n<p class=\"has-text-align-center\"><mark>Fevia<\/mark> is de federatie van de Belgische voedingsindustrie.<\/p>\n\n\n\n<p class=\"has-text-align-center\"><a href=\"https:\/\/www.fevia.be\/nl\">Meer over weten<\/a><\/p>\n<\/div>\n<\/div>\n\n\n\n<div class=\"wp-block-group is-layout-grid wp-container-core-group-is-layout-acc8bb78 wp-block-group-is-layout-grid\" style=\"--octopods-group-grid-columns-tablet:undefined;--octopods-group-grid-columns-mobile:undefined\">\n<div data-aos-delay=\"800\" data-aos-duration=\"800\" data-aos-easing=\"ease-out-cubic\" data-aos-once=\"true\" data-aos=\"scale-in-x\" class=\"wp-block-group cross-card-feature has-border-color has-primary-faded-border-color has-primary-color has-base-background-color has-text-color has-background has-link-color has-montserrat-font-family wp-elements-b2ac2fcd0ce8fbad18374adda6452c7d wp-container-content-754bbc37 is-vertical is-content-justification-center is-layout-flex wp-container-core-group-is-layout-52bd730b wp-block-group-is-layout-flex has-aspect-ratio\" style=\"border-width:1px;border-radius:0.75rem;padding-top:var(--wp--preset--spacing--small);padding-right:var(--wp--preset--spacing--small);padding-bottom:var(--wp--preset--spacing--small);padding-left:var(--wp--preset--spacing--small);font-size:clamp(0.875rem, 0.875rem + ((1vw - 0.2rem) * 0.156), 1rem);box-shadow:var(--wp--preset--shadow--natural);--octopods-group-overlay-gradient:linear-gradient(120deg,rgba(45,179,163,0) 86%,rgba(22,64,148,0.31) 86%);aspect-ratio:1;min-height:unset;\">\n<figure class=\"wp-block-image size-medium is-resized\"><img loading=\"lazy\" decoding=\"async\" width=\"300\" height=\"119\" src=\"https:\/\/r-eu-cycle.crosss3.eu\/wp-content\/uploads\/sites\/4\/2025\/10\/logo-fost-plus-b-2-300x119.png\" alt=\"\" class=\"wp-image-837\" style=\"width:190px\" srcset=\"https:\/\/r-eu-cycle.crosss3.eu\/wp-content\/uploads\/sites\/4\/2025\/10\/logo-fost-plus-b-2-300x119.png 300w, https:\/\/r-eu-cycle.crosss3.eu\/wp-content\/uploads\/sites\/4\/2025\/10\/logo-fost-plus-b-2.png 513w\" sizes=\"auto, (max-width: 300px) 100vw, 300px\" \/><\/figure>\n\n\n\n<p class=\"has-text-align-center\">Fost Plus is verantwoordelijk voor de inzameling, sortering en recycling van huishoudelijke verpakkingen op Belgisch grondgebied. <\/p>\n\n\n\n<p class=\"has-text-align-center\"><a href=\"https:\/\/www.fostplus.be\/nl\/\">Meer over weten<\/a><\/p>\n<\/div>\n\n\n\n<div data-aos-delay=\"1000\" data-aos-duration=\"800\" data-aos-easing=\"ease-out-cubic\" data-aos-once=\"true\" data-aos=\"scale-in-x\" class=\"wp-block-group cross-card-feature has-border-color has-primary-faded-border-color has-primary-color has-base-background-color has-text-color has-background has-link-color has-montserrat-font-family wp-elements-6f5208855cc4c6b86723baf511a42d07 wp-container-content-754bbc37 is-vertical is-content-justification-center is-layout-flex wp-container-core-group-is-layout-52bd730b wp-block-group-is-layout-flex has-aspect-ratio\" style=\"border-width:1px;border-radius:0.75rem;padding-top:var(--wp--preset--spacing--small);padding-right:var(--wp--preset--spacing--small);padding-bottom:var(--wp--preset--spacing--small);padding-left:var(--wp--preset--spacing--small);font-size:clamp(0.875rem, 0.875rem + ((1vw - 0.2rem) * 0.156), 1rem);box-shadow:var(--wp--preset--shadow--natural);--octopods-group-overlay-gradient:linear-gradient(120deg,rgba(45,179,163,0) 86%,rgba(22,64,148,0.31) 86%);aspect-ratio:1;min-height:unset;\">\n<figure class=\"wp-block-image size-full is-resized\"><img loading=\"lazy\" decoding=\"async\" width=\"474\" height=\"230\" src=\"https:\/\/r-eu-cycle.crosss3.eu\/wp-content\/uploads\/sites\/4\/2025\/10\/logo-plarebel.webp\" alt=\"\" class=\"wp-image-855\" style=\"width:150px\" srcset=\"https:\/\/r-eu-cycle.crosss3.eu\/wp-content\/uploads\/sites\/4\/2025\/10\/logo-plarebel.webp 474w, https:\/\/r-eu-cycle.crosss3.eu\/wp-content\/uploads\/sites\/4\/2025\/10\/logo-plarebel-300x146.webp 300w\" sizes=\"auto, (max-width: 474px) 100vw, 474px\" \/><\/figure>\n\n\n\n<p class=\"has-text-align-center\">Plarebel is een vzw die in 1999 werd opgericht als centrum voor technische kennis over de circulariteit van kunststoffen.<\/p>\n\n\n\n<p><a href=\"https:\/\/www.plarebel.be\">Meer over weten<\/a><\/p>\n<\/div>\n\n\n\n<div data-aos-delay=\"1200\" data-aos-duration=\"800\" data-aos-easing=\"ease-out-cubic\" data-aos-once=\"true\" data-aos=\"scale-in-x\" class=\"wp-block-group cross-card-feature has-border-color has-primary-faded-border-color has-primary-color has-base-background-color has-text-color has-background has-link-color has-montserrat-font-family wp-elements-272b74b08f048496c87aa1a6fae78cd9 wp-container-content-754bbc37 is-vertical is-content-justification-center is-layout-flex wp-container-core-group-is-layout-52bd730b wp-block-group-is-layout-flex has-aspect-ratio\" style=\"border-width:1px;border-radius:0.75rem;padding-top:var(--wp--preset--spacing--small);padding-right:var(--wp--preset--spacing--small);padding-bottom:var(--wp--preset--spacing--small);padding-left:var(--wp--preset--spacing--small);font-size:clamp(0.875rem, 0.875rem + ((1vw - 0.2rem) * 0.156), 1rem);box-shadow:var(--wp--preset--shadow--natural);--octopods-group-overlay-gradient:linear-gradient(120deg,rgba(45,179,163,0) 86%,rgba(22,64,148,0.31) 86%);aspect-ratio:1;min-height:unset;\">\n<figure class=\"wp-block-image size-full is-resized\"><img loading=\"lazy\" decoding=\"async\" width=\"136\" height=\"48\" src=\"https:\/\/r-eu-cycle.crosss3.eu\/wp-content\/uploads\/sites\/4\/2025\/10\/LOGO-RECYCLEME.webp\" alt=\"\" class=\"wp-image-858\" style=\"width:150px\" \/><\/figure>\n\n\n\n<p class=\"has-text-align-center\">RecycleMe is een adviesbureau op het gebied van EPR en ecologisch ontwerp van verpakkingen.<\/p>\n\n\n\n<p><a href=\"https:\/\/recycleme.eco\/fr\/\">Meer over weten<\/a><\/p>\n<\/div>\n<\/div>\n<\/div>\n\n\n\n<div>\n<p><\/p>\n<\/div>\n\n\n\n<div class=\"wp-block-group is-layout-grid wp-container-core-group-is-layout-988b637e wp-block-group-is-layout-grid\" style=\"--octopods-group-grid-columns-tablet:undefined;--octopods-group-grid-columns-mobile:undefined\"><\/div>\n\n\n\n<div class=\"wp-block-group alignfull has-border-color has-primary-faded-border-color has-base-background-color has-background has-global-padding is-layout-constrained wp-block-group-is-layout-constrained\" style=\"border-width:1px;padding-top:var(--wp--preset--spacing--small);padding-bottom:var(--wp--preset--spacing--small);box-shadow:var(--wp--preset--shadow--natural)\">\n<div class=\"wp-block-query is-layout-flow wp-block-query-is-layout-flow\"><\/div>\n<\/div>\n<\/div>\n<\/div>\n\n\n\n<div style=\"height:5vw\" aria-hidden=\"true\" class=\"wp-block-spacer\"><\/div>\n\n\n\n<div class=\"wp-block-group alignfull has-global-padding is-layout-constrained wp-container-core-group-is-layout-6e824401 wp-block-group-is-layout-constrained\" style=\"margin-top:0;margin-bottom:0\">\n<div class=\"wp-block-group alignfull has-primary-faded-background-color has-background has-global-padding is-layout-constrained wp-block-group-is-layout-constrained\" style=\"min-height:1px;margin-top:0;margin-bottom:0;--octopods-group-position:absolute;--octopods-group-top:50%;--octopods-group-left:0px;--octopods-group-right:0px;--octopods-group-transform:translate(0, -1px);aspect-ratio:unset;\"><\/div>\n\n\n\n<div data-aos-duration=\"800\" data-aos-easing=\"ease-out-cubic\" data-aos-once=\"true\" data-aos=\"scale-in-x\" class=\"wp-block-group has-base-color has-text-color has-link-color wp-elements-f864a20fed94ac7a8b7c0d8d2cc7a443 has-global-padding is-layout-constrained wp-container-core-group-is-layout-7ec4036c wp-block-group-is-layout-constrained\" style=\"border-style:none;border-width:0px;border-radius:0.75rem;padding-top:var(--wp--preset--spacing--x-small);padding-right:var(--wp--preset--spacing--x-small);padding-bottom:var(--wp--preset--spacing--x-small);padding-left:var(--wp--preset--spacing--x-small);--octopods-group-overlay-gradient:linear-gradient(135deg,rgb(255,255,255) 15%,rgb(22,65,148) 15%)\">\n<div class=\"wp-block-columns are-vertically-aligned-center is-layout-flex wp-container-core-columns-is-layout-1e734742 wp-block-columns-is-layout-flex\" style=\"margin-top:0;margin-bottom:0\">\n<div class=\"wp-block-column is-vertically-aligned-center is-layout-flow wp-block-column-is-layout-flow\" style=\"flex-basis:45%\">\n<div class=\"wp-block-group cross-featured-slider__image has-global-padding is-layout-constrained wp-block-group-is-layout-constrained\" style=\"border-radius:0.75rem;--octopods-group-overflow:hidden;--octopods-group-position:relative\">\n<figure class=\"wp-block-image size-large\"><img loading=\"lazy\" decoding=\"async\" width=\"731\" height=\"1024\" src=\"https:\/\/r-eu-cycle.crosss3.eu\/wp-content\/uploads\/sites\/4\/2025\/06\/galina-nelyubova-rrq6s3EnSsk-unsplash-731x1024.jpg\" alt=\"\" class=\"wp-image-360\" style=\"aspect-ratio:1;object-fit:cover\" srcset=\"https:\/\/r-eu-cycle.crosss3.eu\/wp-content\/uploads\/sites\/4\/2025\/06\/galina-nelyubova-rrq6s3EnSsk-unsplash-731x1024.jpg 731w, https:\/\/r-eu-cycle.crosss3.eu\/wp-content\/uploads\/sites\/4\/2025\/06\/galina-nelyubova-rrq6s3EnSsk-unsplash-214x300.jpg 214w, https:\/\/r-eu-cycle.crosss3.eu\/wp-content\/uploads\/sites\/4\/2025\/06\/galina-nelyubova-rrq6s3EnSsk-unsplash-768x1076.jpg 768w, https:\/\/r-eu-cycle.crosss3.eu\/wp-content\/uploads\/sites\/4\/2025\/06\/galina-nelyubova-rrq6s3EnSsk-unsplash-1097x1536.jpg 1097w, https:\/\/r-eu-cycle.crosss3.eu\/wp-content\/uploads\/sites\/4\/2025\/06\/galina-nelyubova-rrq6s3EnSsk-unsplash-321x450.jpg 321w, https:\/\/r-eu-cycle.crosss3.eu\/wp-content\/uploads\/sites\/4\/2025\/06\/galina-nelyubova-rrq6s3EnSsk-unsplash-643x900.jpg 643w, https:\/\/r-eu-cycle.crosss3.eu\/wp-content\/uploads\/sites\/4\/2025\/06\/galina-nelyubova-rrq6s3EnSsk-unsplash-771x1080.jpg 771w, https:\/\/r-eu-cycle.crosss3.eu\/wp-content\/uploads\/sites\/4\/2025\/06\/galina-nelyubova-rrq6s3EnSsk-unsplash.jpg 1371w\" sizes=\"auto, (max-width: 731px) 100vw, 731px\" \/><\/figure>\n\n\n\n<div class=\"wp-block-group cross-featured-slider__logo has-base-background-color has-background is-layout-flow wp-block-group-is-layout-flow\" style=\"border-radius:0.75rem;margin-top:0;margin-bottom:0;padding-top:var(--wp--preset--spacing--x-small);padding-right:var(--wp--preset--spacing--x-small);padding-bottom:var(--wp--preset--spacing--x-small);padding-left:var(--wp--preset--spacing--x-small);box-shadow:var(--wp--preset--shadow--natural);--octopods-group-position:absolute;--octopods-group-bottom:15px;--octopods-group-right:15px\">\n<figure class=\"wp-block-image size-full is-resized has-custom-border is-style-default\"><img loading=\"lazy\" decoding=\"async\" width=\"1496\" height=\"840\" src=\"https:\/\/r-eu-cycle.crosss3.eu\/wp-content\/uploads\/sites\/4\/2025\/06\/logo-r-eu-cycle-rvb.jpg\" alt=\"\" class=\"wp-image-112\" style=\"border-radius:0px;width:189px;height:auto\" srcset=\"https:\/\/r-eu-cycle.crosss3.eu\/wp-content\/uploads\/sites\/4\/2025\/06\/logo-r-eu-cycle-rvb.jpg 1496w, https:\/\/r-eu-cycle.crosss3.eu\/wp-content\/uploads\/sites\/4\/2025\/06\/logo-r-eu-cycle-rvb-300x168.jpg 300w, https:\/\/r-eu-cycle.crosss3.eu\/wp-content\/uploads\/sites\/4\/2025\/06\/logo-r-eu-cycle-rvb-1024x575.jpg 1024w, https:\/\/r-eu-cycle.crosss3.eu\/wp-content\/uploads\/sites\/4\/2025\/06\/logo-r-eu-cycle-rvb-768x431.jpg 768w, https:\/\/r-eu-cycle.crosss3.eu\/wp-content\/uploads\/sites\/4\/2025\/06\/logo-r-eu-cycle-rvb-600x337.jpg 600w, https:\/\/r-eu-cycle.crosss3.eu\/wp-content\/uploads\/sites\/4\/2025\/06\/logo-r-eu-cycle-rvb-1200x674.jpg 1200w\" sizes=\"auto, (max-width: 1496px) 100vw, 1496px\" \/><\/figure>\n<\/div>\n<\/div>\n<\/div>\n\n\n\n<div class=\"wp-block-column is-vertically-aligned-center is-layout-flow wp-block-column-is-layout-flow\" style=\"padding-top:var(--wp--preset--spacing--medium);padding-bottom:var(--wp--preset--spacing--medium)\">\n<p class=\"has-montserrat-font-family\"><strong>R-EU-CYCLE<\/strong><\/p>\n\n\n<h2 class=\"wp-block-heading\" style=\"font-style:normal;font-weight:400\" id=\"laten-we-samen-deze-uitdagingen-aangaan-en-concrete-oplossingen-ontwikkelen-voor-een-duurzamere-toekomst\">Laten we samen deze uitdagingen aangaan en concrete oplossingen ontwikkelen voor een duurzamere toekomst.<\/h2>\n\n\n<p>Bent u een kmo in de agrovoedingssector of actief in de sortering en recycling in de grensoverschrijdende regio? Wilt u de recycleerbaarheid van uw plastic verpakkingen optimaliseren en verantwoordelijker te werk gaan?<\/p>\n\n\n\n<div class=\"wp-block-buttons is-layout-flex wp-block-buttons-is-layout-flex\">\n<div class=\"wp-block-button is-style-arrow\"><a class=\"wp-block-button__link has-secondary-background-color has-background has-border-color has-secondary-border-color wp-element-button\" href=\"https:\/\/r-eu-cycle.crosss3.eu\/nl\/contact\/\" target=\"_blank\" rel=\"noreferrer noopener\">Contacteer ons<\/a><\/div>\n<\/div>\n<\/div>\n\n\n\n<div class=\"wp-block-column is-vertically-aligned-center is-layout-flow wp-block-column-is-layout-flow\" style=\"flex-basis:3%\"><\/div>\n<\/div>\n<\/div>\n<\/div>\n\n\n\n<div data-aos-duration=\"800\" data-aos-easing=\"ease-out-cubic\" data-aos-once=\"true\" data-aos=\"scale-in-x\" class=\"wp-block-group is-vertical is-content-justification-center is-layout-flex wp-container-core-group-is-layout-ce155fab wp-block-group-is-layout-flex\">\n<div style=\"height:0px\" aria-hidden=\"true\" class=\"wp-block-spacer wp-container-content-9fbfa86d\"><\/div>\n<\/div>\n","protected":false},"excerpt":{"rendered":"<p>Projectleider Projectuitvoerders AGRIA GRAND EST Agria Grand Est is een vereniging die in 1986 is opgericht door agrovoedingsbedrijven en onderzoeks- en hogeronderwijsinstellingen uit Lorraine. De vereniging is het aanspreekpunt voor agrovoedingsbedrijven en agrogrondstoffenbedrijven in hun regio. Agria Grand Est zal haar netwerk en haar vaardigheden als facilitator inzetten om belanghebbenden, en met name agrovoedings-bedrijven in [&hellip;]<\/p>\n","protected":false},"author":10,"featured_media":0,"parent":0,"menu_order":0,"comment_status":"closed","ping_status":"closed","template":"no-title","meta":{"_acf_changed":false,"inline_featured_image":false,"parent_blog_id":0,"footnotes":""},"class_list":["post-1022","page","type-page","status-publish","hentry"],"acf":[],"yoast_head":"<!-- This site is optimized with the Yoast SEO plugin v27.0 - https:\/\/yoast.com\/product\/yoast-seo-wordpress\/ -->\n<title>Partners van het project - R-EU-CYCLE<\/title>\n<meta name=\"robots\" content=\"index, follow, max-snippet:-1, max-image-preview:large, max-video-preview:-1\" \/>\n<link rel=\"canonical\" href=\"https:\/\/r-eu-cycle.crosss3.eu\/nl\/partners-van-het-project\/\" \/>\n<meta property=\"og:locale\" content=\"nl_NL\" \/>\n<meta property=\"og:type\" content=\"article\" \/>\n<meta property=\"og:title\" content=\"Partners van het project - R-EU-CYCLE\" \/>\n<meta property=\"og:description\" content=\"Projectleider Projectuitvoerders AGRIA GRAND EST Agria Grand Est is een vereniging die in 1986 is opgericht door agrovoedingsbedrijven en onderzoeks- en hogeronderwijsinstellingen uit Lorraine. De vereniging is het aanspreekpunt voor agrovoedingsbedrijven en agrogrondstoffenbedrijven in hun regio. Agria Grand Est zal haar netwerk en haar vaardigheden als facilitator inzetten om belanghebbenden, en met name agrovoedings-bedrijven in [&hellip;]\" \/>\n<meta property=\"og:url\" content=\"https:\/\/r-eu-cycle.crosss3.eu\/nl\/partners-van-het-project\/\" \/>\n<meta property=\"og:site_name\" content=\"R-EU-CYCLE\" \/>\n<meta property=\"article:modified_time\" content=\"2025-10-29T12:00:26+00:00\" \/>\n<meta property=\"og:image\" content=\"https:\/\/r-eu-cycle.crosss3.eu\/wp-content\/uploads\/sites\/4\/2025\/10\/logo-agria-b-1.png\" \/>\n<meta name=\"twitter:card\" content=\"summary_large_image\" \/>\n<meta name=\"twitter:label1\" content=\"Geschatte leestijd\" \/>\n\t<meta name=\"twitter:data1\" content=\"6 minuten\" \/>\n<script type=\"application\/ld+json\" class=\"yoast-schema-graph\">{\"@context\":\"https:\/\/schema.org\",\"@graph\":[{\"@type\":\"WebPage\",\"@id\":\"https:\/\/r-eu-cycle.crosss3.eu\/nl\/partners-van-het-project\/\",\"url\":\"https:\/\/r-eu-cycle.crosss3.eu\/nl\/partners-van-het-project\/\",\"name\":\"Partners van het project - R-EU-CYCLE\",\"isPartOf\":{\"@id\":\"https:\/\/r-eu-cycle.crosss3.eu\/#website\"},\"primaryImageOfPage\":{\"@id\":\"https:\/\/r-eu-cycle.crosss3.eu\/nl\/partners-van-het-project\/#primaryimage\"},\"image\":{\"@id\":\"https:\/\/r-eu-cycle.crosss3.eu\/nl\/partners-van-het-project\/#primaryimage\"},\"thumbnailUrl\":\"https:\/\/r-eu-cycle.crosss3.eu\/wp-content\/uploads\/sites\/4\/2025\/10\/logo-agria-b-1.png\",\"datePublished\":\"2025-09-26T15:24:07+00:00\",\"dateModified\":\"2025-10-29T12:00:26+00:00\",\"breadcrumb\":{\"@id\":\"https:\/\/r-eu-cycle.crosss3.eu\/nl\/partners-van-het-project\/#breadcrumb\"},\"inLanguage\":\"nl-NL\",\"potentialAction\":[{\"@type\":\"ReadAction\",\"target\":[\"https:\/\/r-eu-cycle.crosss3.eu\/nl\/partners-van-het-project\/\"]}]},{\"@type\":\"ImageObject\",\"inLanguage\":\"nl-NL\",\"@id\":\"https:\/\/r-eu-cycle.crosss3.eu\/nl\/partners-van-het-project\/#primaryimage\",\"url\":\"https:\/\/r-eu-cycle.crosss3.eu\/wp-content\/uploads\/sites\/4\/2025\/10\/logo-agria-b-1.png\",\"contentUrl\":\"https:\/\/r-eu-cycle.crosss3.eu\/wp-content\/uploads\/sites\/4\/2025\/10\/logo-agria-b-1.png\"},{\"@type\":\"BreadcrumbList\",\"@id\":\"https:\/\/r-eu-cycle.crosss3.eu\/nl\/partners-van-het-project\/#breadcrumb\",\"itemListElement\":[{\"@type\":\"ListItem\",\"position\":1,\"name\":\"Accueil\",\"item\":\"https:\/\/r-eu-cycle.crosss3.eu\/nl\/\"},{\"@type\":\"ListItem\",\"position\":2,\"name\":\"Partners van het project\"}]},{\"@type\":\"WebSite\",\"@id\":\"https:\/\/r-eu-cycle.crosss3.eu\/#website\",\"url\":\"https:\/\/r-eu-cycle.crosss3.eu\/\",\"name\":\"R-EU-CYCLE\",\"description\":\"Renforcer la recyclabilit\u00e9 des emballages alimentaires en plastique\",\"publisher\":{\"@id\":\"https:\/\/r-eu-cycle.crosss3.eu\/#organization\"},\"potentialAction\":[{\"@type\":\"SearchAction\",\"target\":{\"@type\":\"EntryPoint\",\"urlTemplate\":\"https:\/\/r-eu-cycle.crosss3.eu\/?s={search_term_string}\"},\"query-input\":{\"@type\":\"PropertyValueSpecification\",\"valueRequired\":true,\"valueName\":\"search_term_string\"}}],\"inLanguage\":\"nl-NL\"},{\"@type\":\"Organization\",\"@id\":\"https:\/\/r-eu-cycle.crosss3.eu\/#organization\",\"name\":\"R-EU-CYCLE\",\"url\":\"https:\/\/r-eu-cycle.crosss3.eu\/\",\"logo\":{\"@type\":\"ImageObject\",\"inLanguage\":\"nl-NL\",\"@id\":\"https:\/\/r-eu-cycle.crosss3.eu\/#\/schema\/logo\/image\/\",\"url\":\"https:\/\/r-eu-cycle.crosss3.eu\/wp-content\/uploads\/sites\/4\/2025\/06\/logo-r-eu-cycle-rvb.jpg\",\"contentUrl\":\"https:\/\/r-eu-cycle.crosss3.eu\/wp-content\/uploads\/sites\/4\/2025\/06\/logo-r-eu-cycle-rvb.jpg\",\"width\":1496,\"height\":840,\"caption\":\"R-EU-CYCLE\"},\"image\":{\"@id\":\"https:\/\/r-eu-cycle.crosss3.eu\/#\/schema\/logo\/image\/\"}}]}<\/script>\n<!-- \/ Yoast SEO plugin. -->","yoast_head_json":{"title":"Partners van het project - R-EU-CYCLE","robots":{"index":"index","follow":"follow","max-snippet":"max-snippet:-1","max-image-preview":"max-image-preview:large","max-video-preview":"max-video-preview:-1"},"canonical":"https:\/\/r-eu-cycle.crosss3.eu\/nl\/partners-van-het-project\/","og_locale":"nl_NL","og_type":"article","og_title":"Partners van het project - R-EU-CYCLE","og_description":"Projectleider Projectuitvoerders AGRIA GRAND EST Agria Grand Est is een vereniging die in 1986 is opgericht door agrovoedingsbedrijven en onderzoeks- en hogeronderwijsinstellingen uit Lorraine. De vereniging is het aanspreekpunt voor agrovoedingsbedrijven en agrogrondstoffenbedrijven in hun regio. Agria Grand Est zal haar netwerk en haar vaardigheden als facilitator inzetten om belanghebbenden, en met name agrovoedings-bedrijven in [&hellip;]","og_url":"https:\/\/r-eu-cycle.crosss3.eu\/nl\/partners-van-het-project\/","og_site_name":"R-EU-CYCLE","article_modified_time":"2025-10-29T12:00:26+00:00","og_image":[{"url":"https:\/\/r-eu-cycle.crosss3.eu\/wp-content\/uploads\/sites\/4\/2025\/10\/logo-agria-b-1.png","type":"","width":"","height":""}],"twitter_card":"summary_large_image","twitter_misc":{"Geschatte leestijd":"6 minuten"},"schema":{"@context":"https:\/\/schema.org","@graph":[{"@type":"WebPage","@id":"https:\/\/r-eu-cycle.crosss3.eu\/nl\/partners-van-het-project\/","url":"https:\/\/r-eu-cycle.crosss3.eu\/nl\/partners-van-het-project\/","name":"Partners van het project - R-EU-CYCLE","isPartOf":{"@id":"https:\/\/r-eu-cycle.crosss3.eu\/#website"},"primaryImageOfPage":{"@id":"https:\/\/r-eu-cycle.crosss3.eu\/nl\/partners-van-het-project\/#primaryimage"},"image":{"@id":"https:\/\/r-eu-cycle.crosss3.eu\/nl\/partners-van-het-project\/#primaryimage"},"thumbnailUrl":"https:\/\/r-eu-cycle.crosss3.eu\/wp-content\/uploads\/sites\/4\/2025\/10\/logo-agria-b-1.png","datePublished":"2025-09-26T15:24:07+00:00","dateModified":"2025-10-29T12:00:26+00:00","breadcrumb":{"@id":"https:\/\/r-eu-cycle.crosss3.eu\/nl\/partners-van-het-project\/#breadcrumb"},"inLanguage":"nl-NL","potentialAction":[{"@type":"ReadAction","target":["https:\/\/r-eu-cycle.crosss3.eu\/nl\/partners-van-het-project\/"]}]},{"@type":"ImageObject","inLanguage":"nl-NL","@id":"https:\/\/r-eu-cycle.crosss3.eu\/nl\/partners-van-het-project\/#primaryimage","url":"https:\/\/r-eu-cycle.crosss3.eu\/wp-content\/uploads\/sites\/4\/2025\/10\/logo-agria-b-1.png","contentUrl":"https:\/\/r-eu-cycle.crosss3.eu\/wp-content\/uploads\/sites\/4\/2025\/10\/logo-agria-b-1.png"},{"@type":"BreadcrumbList","@id":"https:\/\/r-eu-cycle.crosss3.eu\/nl\/partners-van-het-project\/#breadcrumb","itemListElement":[{"@type":"ListItem","position":1,"name":"Accueil","item":"https:\/\/r-eu-cycle.crosss3.eu\/nl\/"},{"@type":"ListItem","position":2,"name":"Partners van het project"}]},{"@type":"WebSite","@id":"https:\/\/r-eu-cycle.crosss3.eu\/#website","url":"https:\/\/r-eu-cycle.crosss3.eu\/","name":"R-EU-CYCLE","description":"Renforcer la recyclabilit\u00e9 des emballages alimentaires en plastique","publisher":{"@id":"https:\/\/r-eu-cycle.crosss3.eu\/#organization"},"potentialAction":[{"@type":"SearchAction","target":{"@type":"EntryPoint","urlTemplate":"https:\/\/r-eu-cycle.crosss3.eu\/?s={search_term_string}"},"query-input":{"@type":"PropertyValueSpecification","valueRequired":true,"valueName":"search_term_string"}}],"inLanguage":"nl-NL"},{"@type":"Organization","@id":"https:\/\/r-eu-cycle.crosss3.eu\/#organization","name":"R-EU-CYCLE","url":"https:\/\/r-eu-cycle.crosss3.eu\/","logo":{"@type":"ImageObject","inLanguage":"nl-NL","@id":"https:\/\/r-eu-cycle.crosss3.eu\/#\/schema\/logo\/image\/","url":"https:\/\/r-eu-cycle.crosss3.eu\/wp-content\/uploads\/sites\/4\/2025\/06\/logo-r-eu-cycle-rvb.jpg","contentUrl":"https:\/\/r-eu-cycle.crosss3.eu\/wp-content\/uploads\/sites\/4\/2025\/06\/logo-r-eu-cycle-rvb.jpg","width":1496,"height":840,"caption":"R-EU-CYCLE"},"image":{"@id":"https:\/\/r-eu-cycle.crosss3.eu\/#\/schema\/logo\/image\/"}}]}},"_links":{"self":[{"href":"https:\/\/r-eu-cycle.crosss3.eu\/nl\/wp-json\/wp\/v2\/pages\/1022","targetHints":{"allow":["GET"]}}],"collection":[{"href":"https:\/\/r-eu-cycle.crosss3.eu\/nl\/wp-json\/wp\/v2\/pages"}],"about":[{"href":"https:\/\/r-eu-cycle.crosss3.eu\/nl\/wp-json\/wp\/v2\/types\/page"}],"author":[{"embeddable":true,"href":"https:\/\/r-eu-cycle.crosss3.eu\/nl\/wp-json\/wp\/v2\/users\/10"}],"replies":[{"embeddable":true,"href":"https:\/\/r-eu-cycle.crosss3.eu\/nl\/wp-json\/wp\/v2\/comments?post=1022"}],"version-history":[{"count":2,"href":"https:\/\/r-eu-cycle.crosss3.eu\/nl\/wp-json\/wp\/v2\/pages\/1022\/revisions"}],"predecessor-version":[{"id":1024,"href":"https:\/\/r-eu-cycle.crosss3.eu\/nl\/wp-json\/wp\/v2\/pages\/1022\/revisions\/1024"}],"wp:attachment":[{"href":"https:\/\/r-eu-cycle.crosss3.eu\/nl\/wp-json\/wp\/v2\/media?parent=1022"}],"curies":[{"name":"wp","href":"https:\/\/api.w.org\/{rel}","templated":true}]}}